{"version":"1.0","provider_name":"Flegra Collection Hotels","provider_url":"https:\/\/www.flegracollection.com\/tr\/","author_name":"foltopoulos","author_url":"https:\/\/www.flegracollection.com\/tr\/author\/foltopoulos\/","title":"Halkidiki'deki an\u0131tlar ve kiliseler - Flegra Collection Hotels","type":"rich","width":600,"height":338,"html":"<blockquote class=\"wp-embedded-content\" data-secret=\"k7SH0WpZus\"><a href=\"https:\/\/www.flegracollection.com\/tr\/halkidikideki-anitlar-ve-kiliseler\/\">Halkidiki&#8217;deki an\u0131tlar ve kiliseler<\/a><\/blockquote><iframe sandbox=\"allow-scripts\" security=\"restricted\" src=\"https:\/\/www.flegracollection.com\/tr\/halkidikideki-anitlar-ve-kiliseler\/embed\/#?secret=k7SH0WpZus\" width=\"600\" height=\"338\" title=\"&#8220;Halkidiki&#8217;deki an\u0131tlar ve kiliseler&#8221; &#8212; Flegra Collection Hotels\" data-secret=\"k7SH0WpZus\" frameborder=\"0\" marginwidth=\"0\" marginheight=\"0\" scrolling=\"no\" class=\"wp-embedded-content\"><\/iframe><script type=\"text\/javascript\">\n\/* <![CDATA[ *\/\n\/*! This file is auto-generated *\/\n!function(d,l){\"use strict\";l.querySelector&&d.addEventListener&&\"undefined\"!=typeof URL&&(d.wp=d.wp||{},d.wp.receiveEmbedMessage||(d.wp.receiveEmbedMessage=function(e){var t=e.data;if((t||t.secret||t.message||t.value)&&!\/[^a-zA-Z0-9]\/.test(t.secret)){for(var s,r,n,a=l.querySelectorAll('iframe[data-secret=\"'+t.secret+'\"]'),o=l.querySelectorAll('blockquote[data-secret=\"'+t.secret+'\"]'),c=new RegExp(\"^https?:$\",\"i\"),i=0;i<o.length;i++)o[i].style.display=\"none\";for(i=0;i<a.length;i++)s=a[i],e.source===s.contentWindow&&(s.removeAttribute(\"style\"),\"height\"===t.message?(1e3<(r=parseInt(t.value,10))?r=1e3:~~r<200&&(r=200),s.height=r):\"link\"===t.message&&(r=new URL(s.getAttribute(\"src\")),n=new URL(t.value),c.test(n.protocol))&&n.host===r.host&&l.activeElement===s&&(d.top.location.href=t.value))}},d.addEventListener(\"message\",d.wp.receiveEmbedMessage,!1),l.addEventListener(\"DOMContentLoaded\",function(){for(var e,t,s=l.querySelectorAll(\"iframe.wp-embedded-content\"),r=0;r<s.length;r++)(t=(e=s[r]).getAttribute(\"data-secret\"))||(t=Math.random().toString(36).substring(2,12),e.src+=\"#?secret=\"+t,e.setAttribute(\"data-secret\",t)),e.contentWindow.postMessage({message:\"ready\",secret:t},\"*\")},!1)))}(window,document);\n\/\/# sourceURL=https:\/\/www.flegracollection.com\/wp-includes\/js\/wp-embed.min.js\n\/* ]]> *\/\n<\/script>\n","thumbnail_url":"https:\/\/www.flegracollection.com\/wp-content\/uploads\/2019\/08\/NeaSkioni_Panagia-Faneromeni-halkidiki.jpg","thumbnail_width":1070,"thumbnail_height":802,"description":"Halkidiki&#8217;de erken H\u0131ristiyan kiliselerinin kal\u0131nt\u0131lar\u0131 var. H\u0131ristiyanl\u0131k ilk olarak M.\u00d6. 50de, Havari Pavlus, Philippi&#8217;den Selanik&#8217;e giderken Apollonia&#8217;dan ge\u00e7ti\u011finde tan\u0131t\u0131ld\u0131. Ayr\u0131ca, I. Theodosius d\u00f6neminde, H\u0131ristiyanl\u0131k resmi devlet dini olarak ilan edildi ve Athos Da\u011f\u0131 manast\u0131r toplulu\u011funun kurulu\u015fundan sonra Halkidiki, Ortodoks hac\u0131lar i\u00e7in en \u00f6nemli dini merkez haline gelirken, Bizans d\u00f6neminde \u00e7ok say\u0131da manast\u0131r kuruldu. Athos yar\u0131madas\u0131 [&hellip;]"}