{"id":8620,"date":"2020-02-29T22:22:09","date_gmt":"2020-02-29T22:22:09","guid":{"rendered":"https:\/\/www.flegracollection.com\/buono-a-sapersi\/storia-e-cultura-della-regione\/"},"modified":"2020-03-28T21:11:20","modified_gmt":"2020-03-28T21:11:20","slug":"storia-e-cultura-della-regione","status":"publish","type":"page","link":"https:\/\/www.flegracollection.com\/it\/buono-a-sapersi\/storia-e-cultura-della-regione\/","title":{"rendered":"Storia e cultura della regione"},"content":{"rendered":"\t\t<div data-elementor-type=\"wp-page\" data-elementor-id=\"8620\" class=\"elementor elementor-8620 elementor-1465\">\n\t\t\t\t\t\t<section class=\"elementor-section elementor-top-section elementor-element elementor-element-a07461f elementor-section-boxed elementor-section-height-default elementor-section-height-default\" data-id=\"a07461f\" data-element_type=\"section\" data-e-type=\"section\" data-settings=\"{&quot;jet_parallax_layout_list&quot;:[{&quot;jet_parallax_layout_image&quot;:{&quot;url&quot;:&quot;&quot;,&quot;id&quot;:&quot;&quot;,&quot;size&quot;:&quot;&quot;},&quot;_id&quot;:&quot;f91c91e&quot;,&quot;jet_parallax_layout_image_tablet&quot;:{&quot;url&quot;:&quot;&quot;,&quot;id&quot;:&quot;&quot;,&quot;size&quot;:&quot;&quot;},&quot;jet_parallax_layout_image_mobile&quot;:{&quot;url&quot;:&quot;&quot;,&quot;id&quot;:&quot;&quot;,&quot;size&quot;:&quot;&quot;},&quot;jet_parallax_layout_speed&quot;:{&quot;unit&quot;:&quot;%&quot;,&quot;size&quot;:50,&quot;sizes&quot;:[]},&quot;jet_parallax_layout_type&quot;:&quot;scroll&quot;,&quot;jet_parallax_layout_direction&quot;:&quot;1&quot;,&quot;jet_parallax_layout_fx_direction&quot;:null,&quot;jet_parallax_layout_z_index&quot;:&quot;&quot;,&quot;jet_parallax_layout_bg_x&quot;:50,&quot;jet_parallax_layout_bg_y&quot;:50,&quot;jet_parallax_layout_bg_size&quot;:&quot;auto&quot;,&quot;jet_parallax_layout_animation_prop&quot;:&quot;transform&quot;,&quot;jet_parallax_layout_on&quot;:[&quot;desktop&quot;,&quot;tablet&quot;],&quot;jet_parallax_layout_bg_x_tablet&quot;:&quot;&quot;,&quot;jet_parallax_layout_bg_x_mobile&quot;:&quot;&quot;,&quot;jet_parallax_layout_bg_y_tablet&quot;:&quot;&quot;,&quot;jet_parallax_layout_bg_y_mobile&quot;:&quot;&quot;,&quot;jet_parallax_layout_bg_size_tablet&quot;:&quot;&quot;,&quot;jet_parallax_layout_bg_size_mobile&quot;:&quot;&quot;}]}\">\n\t\t\t\t\t\t<div class=\"elementor-container elementor-column-gap-default\">\n\t\t\t\t\t<div class=\"elementor-column elementor-col-100 elementor-top-column elementor-element elementor-element-a969f56\" data-id=\"a969f56\" data-element_type=\"column\" data-e-type=\"column\">\n\t\t\t<div class=\"elementor-widget-wrap elementor-element-populated\">\n\t\t\t\t\t\t<div class=\"elementor-element elementor-element-0a45bea elementor-widget elementor-widget-text-editor\" data-id=\"0a45bea\" data-element_type=\"widget\" data-e-type=\"widget\" data-widget_type=\"text-editor.default\">\n\t\t\t\t<div class=\"elementor-widget-container\">\n\t\t\t\t\t\t\t\t\t<p>Calcidica \u00e8 una terra situata nella parte settentrionale della Grecia e ha giocato un ruolo vitale nella storia di tutto il paese. Nel 348 a.C., Calcidica divenne parte del regno macedone, sotto il controllo di Filippo. Dopo la fine delle guerre tra macedoni e romani, la regione divenne parte dell&#8217;Impero romano, insieme al resto della Grecia. Alla fine della Repubblica Romana, una colonia romana fu stabilita a Cassandreia, che fu in seguito reinsediata da Augusto. Pertanto, nella zona di Calcidica, troverete una grande variet\u00e0 di monumenti e chiese bizantine.<\/p>\n\t\t\t\t\t\t\t\t<\/div>\n\t\t\t\t<\/div>\n\t\t\t\t\t<\/div>\n\t\t<\/div>\n\t\t\t\t\t<\/div>\n\t\t<\/section>\n\t\t\t\t<section class=\"elementor-section elementor-top-section elementor-element elementor-element-a878cd0 elementor-section-boxed elementor-section-height-default elementor-section-height-default\" data-id=\"a878cd0\" data-element_type=\"section\" data-e-type=\"section\" data-settings=\"{&quot;jet_parallax_layout_list&quot;:[{&quot;jet_parallax_layout_image&quot;:{&quot;url&quot;:&quot;&quot;,&quot;id&quot;:&quot;&quot;,&quot;size&quot;:&quot;&quot;},&quot;_id&quot;:&quot;1080a1a&quot;,&quot;jet_parallax_layout_image_tablet&quot;:{&quot;url&quot;:&quot;&quot;,&quot;id&quot;:&quot;&quot;,&quot;size&quot;:&quot;&quot;},&quot;jet_parallax_layout_image_mobile&quot;:{&quot;url&quot;:&quot;&quot;,&quot;id&quot;:&quot;&quot;,&quot;size&quot;:&quot;&quot;},&quot;jet_parallax_layout_speed&quot;:{&quot;unit&quot;:&quot;%&quot;,&quot;size&quot;:50,&quot;sizes&quot;:[]},&quot;jet_parallax_layout_type&quot;:&quot;scroll&quot;,&quot;jet_parallax_layout_direction&quot;:&quot;1&quot;,&quot;jet_parallax_layout_fx_direction&quot;:null,&quot;jet_parallax_layout_z_index&quot;:&quot;&quot;,&quot;jet_parallax_layout_bg_x&quot;:50,&quot;jet_parallax_layout_bg_y&quot;:50,&quot;jet_parallax_layout_bg_size&quot;:&quot;auto&quot;,&quot;jet_parallax_layout_animation_prop&quot;:&quot;transform&quot;,&quot;jet_parallax_layout_on&quot;:[&quot;desktop&quot;,&quot;tablet&quot;],&quot;jet_parallax_layout_bg_x_tablet&quot;:&quot;&quot;,&quot;jet_parallax_layout_bg_x_mobile&quot;:&quot;&quot;,&quot;jet_parallax_layout_bg_y_tablet&quot;:&quot;&quot;,&quot;jet_parallax_layout_bg_y_mobile&quot;:&quot;&quot;,&quot;jet_parallax_layout_bg_size_tablet&quot;:&quot;&quot;,&quot;jet_parallax_layout_bg_size_mobile&quot;:&quot;&quot;}]}\">\n\t\t\t\t\t\t<div class=\"elementor-container elementor-column-gap-default\">\n\t\t\t\t\t<div class=\"elementor-column elementor-col-100 elementor-top-column elementor-element elementor-element-6af7553\" data-id=\"6af7553\" data-element_type=\"column\" data-e-type=\"column\">\n\t\t\t<div class=\"elementor-widget-wrap elementor-element-populated\">\n\t\t\t\t\t\t<div class=\"elementor-element elementor-element-f623afd elementor-widget elementor-widget-raven-posts\" data-id=\"f623afd\" data-element_type=\"widget\" data-e-type=\"widget\" data-settings=\"{&quot;classic_columns&quot;:&quot;2&quot;,&quot;query_posts_per_page&quot;:12,&quot;_skin&quot;:&quot;classic&quot;,&quot;classic_layout&quot;:&quot;grid&quot;,&quot;classic_columns_tablet&quot;:&quot;2&quot;,&quot;classic_columns_mobile&quot;:&quot;1&quot;,&quot;query_offset&quot;:0}\" data-widget_type=\"raven-posts.classic\">\n\t\t\t\t<div class=\"elementor-widget-container\">\n\t\t\t\t\t\t\t<div class=\"raven-posts raven-grid raven-grid-2 raven-grid-mobile-1 raven-grid-tablet-2\" data-post-id=\"8620\" data-archive-query=\"\" data-lang=\"\">\n\t\t\t\t<div class=\"raven-grid-item raven-post-item post-24880 post type-post status-publish format-standard has-post-thumbnail hentry category-punti-di-interesse-in-calcidica category-attivita-in-calcidica category-storia-e-cultura-di-calcidica\">\n\t\t\t<div class=\"raven-post elementor-animation-shrink\">\n\t\t\t\t\t\t<div class=\"raven-post-image-wrap\">\n\t\t\t<a class=\"raven-post-image raven-image-fit\" href=\"https:\/\/www.flegracollection.com\/it\/terme-2\/\"><img fetchpriority=\"high\" decoding=\"async\" width=\"1024\" height=\"768\" src=\"https:\/\/www.flegracollection.com\/wp-content\/uploads\/2020\/02\/thermal-spa-halkidiki-cliff-1-3.jpg\" class=\"attachment-large size-large wp-image-24902\" alt=\"\" srcset=\"https:\/\/www.flegracollection.com\/wp-content\/uploads\/2020\/02\/thermal-spa-halkidiki-cliff-1-3.jpg 1024w, https:\/\/www.flegracollection.com\/wp-content\/uploads\/2020\/02\/thermal-spa-halkidiki-cliff-1-3-300x225.jpg 300w, https:\/\/www.flegracollection.com\/wp-content\/uploads\/2020\/02\/thermal-spa-halkidiki-cliff-1-3-768x576.jpg 768w\" sizes=\"(max-width: 1024px) 100vw, 1024px\" \/> <span class=\"raven-post-image-overlay\"><\/span><\/a>\t\t<\/div>\n\t\t\t\t\t\t<div class=\"raven-post-content\">\n\t\t\t\t\t<h3 class=\"raven-post-title\"><a class=\"raven-post-title-link\" href=\"https:\/\/www.flegracollection.com\/it\/terme-2\/\">Grotta Petralona<\/a><\/h3><div class=\"raven-post-excerpt\">Grotta Petralona La natura \u00e8 sempre stata una stilista imprevedibile. Ci\u00f2 \u00e8 pi\u00f9 che evidente entrando nella Grotta di Petralona, \u200b\u200bformatasi circa un milione di anni fa. Soprannominata \u201cla grotta<\/div>\t\t<div class=\"raven-post-read-more\">\n\t\t\t<a class=\"raven-post-button\" href=\"https:\/\/www.flegracollection.com\/it\/terme-2\/\"><span class=\"raven-post-button-text\">Vedi pi\u00f9<\/span><\/a>\n\t\t<\/div>\n\t\t\t\t\t\t<\/div>\n\t\t\t<\/div>\n\t\t<\/div>\n\t\t\t\t<div class=\"raven-grid-item raven-post-item post-6900 post type-post status-publish format-standard has-post-thumbnail hentry category-storia-e-cultura-di-calcidica\">\n\t\t\t<div class=\"raven-post elementor-animation-shrink\">\n\t\t\t\t\t\t<div class=\"raven-post-image-wrap\">\n\t\t\t<a class=\"raven-post-image raven-image-fit\" href=\"https:\/\/www.flegracollection.com\/it\/montare-athos\/\"><img decoding=\"async\" width=\"1024\" height=\"683\" src=\"https:\/\/www.flegracollection.com\/wp-content\/uploads\/2019\/08\/agios-gregorios-monastery-in-mount-athos-in-halkidiki-1-1024x683.jpg\" class=\"attachment-large size-large wp-image-6895\" alt=\"\" srcset=\"https:\/\/www.flegracollection.com\/wp-content\/uploads\/2019\/08\/agios-gregorios-monastery-in-mount-athos-in-halkidiki-1-1024x683.jpg 1024w, https:\/\/www.flegracollection.com\/wp-content\/uploads\/2019\/08\/agios-gregorios-monastery-in-mount-athos-in-halkidiki-1-300x200.jpg 300w, https:\/\/www.flegracollection.com\/wp-content\/uploads\/2019\/08\/agios-gregorios-monastery-in-mount-athos-in-halkidiki-1-768x512.jpg 768w, https:\/\/www.flegracollection.com\/wp-content\/uploads\/2019\/08\/agios-gregorios-monastery-in-mount-athos-in-halkidiki-1-1536x1024.jpg 1536w, https:\/\/www.flegracollection.com\/wp-content\/uploads\/2019\/08\/agios-gregorios-monastery-in-mount-athos-in-halkidiki-1.jpg 1800w\" sizes=\"(max-width: 1024px) 100vw, 1024px\" \/> <span class=\"raven-post-image-overlay\"><\/span><\/a>\t\t<\/div>\n\t\t\t\t\t\t<div class=\"raven-post-content\">\n\t\t\t\t\t<h3 class=\"raven-post-title\"><a class=\"raven-post-title-link\" href=\"https:\/\/www.flegracollection.com\/it\/montare-athos\/\">Montare Athos<\/a><\/h3><div class=\"raven-post-excerpt\">Oltre ai miti, Calcidica ha una tradizione che risale a molto tempo fa. I monasteri del Monte Athos sono alti &#8211; come hanno fatto per 1.000 anni e continueranno a<\/div>\t\t<div class=\"raven-post-read-more\">\n\t\t\t<a class=\"raven-post-button\" href=\"https:\/\/www.flegracollection.com\/it\/montare-athos\/\"><span class=\"raven-post-button-text\">Vedi pi\u00f9<\/span><\/a>\n\t\t<\/div>\n\t\t\t\t\t\t<\/div>\n\t\t\t<\/div>\n\t\t<\/div>\n\t\t\t\t<div class=\"raven-grid-item raven-post-item post-6959 post type-post status-publish format-standard has-post-thumbnail hentry category-storia-e-cultura-di-calcidica\">\n\t\t\t<div class=\"raven-post elementor-animation-shrink\">\n\t\t\t\t\t\t<div class=\"raven-post-image-wrap\">\n\t\t\t<a class=\"raven-post-image raven-image-fit\" href=\"https:\/\/www.flegracollection.com\/it\/antico-olinto\/\"><img decoding=\"async\" width=\"1024\" height=\"1024\" src=\"https:\/\/www.flegracollection.com\/wp-content\/uploads\/2019\/08\/Ancient-Olynthos-halkidiki-greece-1024x1024.jpg\" class=\"attachment-large size-large wp-image-6969\" alt=\"\" srcset=\"https:\/\/www.flegracollection.com\/wp-content\/uploads\/2019\/08\/Ancient-Olynthos-halkidiki-greece-1024x1024.jpg 1024w, https:\/\/www.flegracollection.com\/wp-content\/uploads\/2019\/08\/Ancient-Olynthos-halkidiki-greece-300x300.jpg 300w, https:\/\/www.flegracollection.com\/wp-content\/uploads\/2019\/08\/Ancient-Olynthos-halkidiki-greece-1536x1536.jpg 1536w, https:\/\/www.flegracollection.com\/wp-content\/uploads\/2019\/08\/Ancient-Olynthos-halkidiki-greece-2048x2048.jpg 2048w, https:\/\/www.flegracollection.com\/wp-content\/uploads\/2019\/08\/Ancient-Olynthos-halkidiki-greece-500x500.jpg 500w\" sizes=\"(max-width: 1024px) 100vw, 1024px\" \/> <span class=\"raven-post-image-overlay\"><\/span><\/a>\t\t<\/div>\n\t\t\t\t\t\t<div class=\"raven-post-content\">\n\t\t\t\t\t<h3 class=\"raven-post-title\"><a class=\"raven-post-title-link\" href=\"https:\/\/www.flegracollection.com\/it\/antico-olinto\/\">Antico Olinto<\/a><\/h3><div class=\"raven-post-excerpt\">Olynthos ha un passato storico unico, dagli anni di Aristotele e anche pi\u00f9 antichi. Il moderno villaggio si chiama Nea Olynthos e si trova alla base della penisola di Kassandra,<\/div>\t\t<div class=\"raven-post-read-more\">\n\t\t\t<a class=\"raven-post-button\" href=\"https:\/\/www.flegracollection.com\/it\/antico-olinto\/\"><span class=\"raven-post-button-text\">Vedi pi\u00f9<\/span><\/a>\n\t\t<\/div>\n\t\t\t\t\t\t<\/div>\n\t\t\t<\/div>\n\t\t<\/div>\n\t\t\t\t<div class=\"raven-grid-item raven-post-item post-6971 post type-post status-publish format-standard has-post-thumbnail hentry category-storia-e-cultura-di-calcidica\">\n\t\t\t<div class=\"raven-post elementor-animation-shrink\">\n\t\t\t\t\t\t<div class=\"raven-post-image-wrap\">\n\t\t\t<a class=\"raven-post-image raven-image-fit\" href=\"https:\/\/www.flegracollection.com\/it\/musei-nella-penisola-di-kassandra\/\"><img loading=\"lazy\" decoding=\"async\" width=\"1024\" height=\"1024\" src=\"https:\/\/www.flegracollection.com\/wp-content\/uploads\/2019\/08\/fisheries-museum-in-halkidiki-1024x1024.jpg\" class=\"attachment-large size-large wp-image-6981\" alt=\"\" srcset=\"https:\/\/www.flegracollection.com\/wp-content\/uploads\/2019\/08\/fisheries-museum-in-halkidiki-1024x1024.jpg 1024w, https:\/\/www.flegracollection.com\/wp-content\/uploads\/2019\/08\/fisheries-museum-in-halkidiki-300x300.jpg 300w, https:\/\/www.flegracollection.com\/wp-content\/uploads\/2019\/08\/fisheries-museum-in-halkidiki-1536x1536.jpg 1536w, https:\/\/www.flegracollection.com\/wp-content\/uploads\/2019\/08\/fisheries-museum-in-halkidiki-2048x2048.jpg 2048w, https:\/\/www.flegracollection.com\/wp-content\/uploads\/2019\/08\/fisheries-museum-in-halkidiki-500x500.jpg 500w\" sizes=\"(max-width: 1024px) 100vw, 1024px\" \/> <span class=\"raven-post-image-overlay\"><\/span><\/a>\t\t<\/div>\n\t\t\t\t\t\t<div class=\"raven-post-content\">\n\t\t\t\t\t<h3 class=\"raven-post-title\"><a class=\"raven-post-title-link\" href=\"https:\/\/www.flegracollection.com\/it\/musei-nella-penisola-di-kassandra\/\">Musei nella penisola di Kassandra<\/a><\/h3><div class=\"raven-post-excerpt\">La penisola di Kassandra ha una variet\u00e0 di musei folcloristici dove gli ospiti possono scoprire il modo in cui vivevano gli abitanti locali. Ci sono musei folcloristici a Polychrono, a<\/div>\t\t<div class=\"raven-post-read-more\">\n\t\t\t<a class=\"raven-post-button\" href=\"https:\/\/www.flegracollection.com\/it\/musei-nella-penisola-di-kassandra\/\"><span class=\"raven-post-button-text\">Vedi pi\u00f9<\/span><\/a>\n\t\t<\/div>\n\t\t\t\t\t\t<\/div>\n\t\t\t<\/div>\n\t\t<\/div>\n\t\t\t\t<div class=\"raven-grid-item raven-post-item post-6983 post type-post status-publish format-standard has-post-thumbnail hentry category-storia-e-cultura-di-calcidica\">\n\t\t\t<div class=\"raven-post elementor-animation-shrink\">\n\t\t\t\t\t\t<div class=\"raven-post-image-wrap\">\n\t\t\t<a class=\"raven-post-image raven-image-fit\" href=\"https:\/\/www.flegracollection.com\/it\/monumenti-e-chiese-in-calcidica\/\"><img loading=\"lazy\" decoding=\"async\" width=\"1024\" height=\"1024\" src=\"https:\/\/www.flegracollection.com\/wp-content\/uploads\/2019\/08\/NeaSkioni_Panagia-Faneromeni-halkidiki-1024x1024.jpg\" class=\"attachment-large size-large wp-image-6995\" alt=\"\" srcset=\"https:\/\/www.flegracollection.com\/wp-content\/uploads\/2019\/08\/NeaSkioni_Panagia-Faneromeni-halkidiki-1024x1024.jpg 1024w, https:\/\/www.flegracollection.com\/wp-content\/uploads\/2019\/08\/NeaSkioni_Panagia-Faneromeni-halkidiki-300x300.jpg 300w, https:\/\/www.flegracollection.com\/wp-content\/uploads\/2019\/08\/NeaSkioni_Panagia-Faneromeni-halkidiki-1536x1536.jpg 1536w, https:\/\/www.flegracollection.com\/wp-content\/uploads\/2019\/08\/NeaSkioni_Panagia-Faneromeni-halkidiki-2048x2048.jpg 2048w, https:\/\/www.flegracollection.com\/wp-content\/uploads\/2019\/08\/NeaSkioni_Panagia-Faneromeni-halkidiki-500x500.jpg 500w\" sizes=\"(max-width: 1024px) 100vw, 1024px\" \/> <span class=\"raven-post-image-overlay\"><\/span><\/a>\t\t<\/div>\n\t\t\t\t\t\t<div class=\"raven-post-content\">\n\t\t\t\t\t<h3 class=\"raven-post-title\"><a class=\"raven-post-title-link\" href=\"https:\/\/www.flegracollection.com\/it\/monumenti-e-chiese-in-calcidica\/\">Monumenti e chiese in Calcidica<\/a><\/h3><div class=\"raven-post-excerpt\">In Calcidica ci sono rovine di antiche chiese cristiane. Il cristianesimo fu introdotto per la prima volta nel 50 d.C., quando l&#8217;apostolo Paolo attravers\u00f2 l&#8217;Apollonia sulla sua strada da Filippi<\/div>\t\t<div class=\"raven-post-read-more\">\n\t\t\t<a class=\"raven-post-button\" href=\"https:\/\/www.flegracollection.com\/it\/monumenti-e-chiese-in-calcidica\/\"><span class=\"raven-post-button-text\">Vedi pi\u00f9<\/span><\/a>\n\t\t<\/div>\n\t\t\t\t\t\t<\/div>\n\t\t\t<\/div>\n\t\t<\/div>\n\t\t\t\t<div class=\"raven-grid-item raven-post-item post-6926 post type-post status-publish format-standard has-post-thumbnail hentry category-storia-e-cultura-di-calcidica\">\n\t\t\t<div class=\"raven-post elementor-animation-shrink\">\n\t\t\t\t\t\t<div class=\"raven-post-image-wrap\">\n\t\t\t<a class=\"raven-post-image raven-image-fit\" href=\"https:\/\/www.flegracollection.com\/it\/antica-stagira-citta-natale-di-aristotele\/\"><img loading=\"lazy\" decoding=\"async\" width=\"1024\" height=\"1024\" src=\"https:\/\/www.flegracollection.com\/wp-content\/uploads\/2019\/08\/ancient-stagira-halkidiki-1024x1024.jpg\" class=\"attachment-large size-large wp-image-6934\" alt=\"\" srcset=\"https:\/\/www.flegracollection.com\/wp-content\/uploads\/2019\/08\/ancient-stagira-halkidiki-1024x1024.jpg 1024w, https:\/\/www.flegracollection.com\/wp-content\/uploads\/2019\/08\/ancient-stagira-halkidiki-300x300.jpg 300w, https:\/\/www.flegracollection.com\/wp-content\/uploads\/2019\/08\/ancient-stagira-halkidiki-1536x1536.jpg 1536w, https:\/\/www.flegracollection.com\/wp-content\/uploads\/2019\/08\/ancient-stagira-halkidiki-2048x2048.jpg 2048w, https:\/\/www.flegracollection.com\/wp-content\/uploads\/2019\/08\/ancient-stagira-halkidiki-500x500.jpg 500w\" sizes=\"(max-width: 1024px) 100vw, 1024px\" \/> <span class=\"raven-post-image-overlay\"><\/span><\/a>\t\t<\/div>\n\t\t\t\t\t\t<div class=\"raven-post-content\">\n\t\t\t\t\t<h3 class=\"raven-post-title\"><a class=\"raven-post-title-link\" href=\"https:\/\/www.flegracollection.com\/it\/antica-stagira-citta-natale-di-aristotele\/\">Antica Stagira, citt\u00e0 natale di Aristotele<\/a><\/h3><div class=\"raven-post-excerpt\">L&#8217;antica Stagira, nella Calcidica settentrionale, \u00e8 famosa per essere la citt\u00e0 natale del grande filosofo greco, Aristotele. Il villaggio di Stagira fu costruito vicino al sito archeologico di Stagira. La<\/div>\t\t<div class=\"raven-post-read-more\">\n\t\t\t<a class=\"raven-post-button\" href=\"https:\/\/www.flegracollection.com\/it\/antica-stagira-citta-natale-di-aristotele\/\"><span class=\"raven-post-button-text\">Vedi pi\u00f9<\/span><\/a>\n\t\t<\/div>\n\t\t\t\t\t\t<\/div>\n\t\t\t<\/div>\n\t\t<\/div>\n\t\t\t\t<div class=\"raven-grid-item raven-post-item post-6947 post type-post status-publish format-standard has-post-thumbnail hentry category-storia-e-cultura-di-calcidica\">\n\t\t\t<div class=\"raven-post elementor-animation-shrink\">\n\t\t\t\t\t\t<div class=\"raven-post-image-wrap\">\n\t\t\t<a class=\"raven-post-image raven-image-fit\" href=\"https:\/\/www.flegracollection.com\/it\/pella-la-capitale-del-regno-di-macedonia\/\"><img loading=\"lazy\" decoding=\"async\" width=\"1024\" height=\"1024\" src=\"https:\/\/www.flegracollection.com\/wp-content\/uploads\/2019\/08\/pella-greece-maacedonia-1024x1024.jpg\" class=\"attachment-large size-large wp-image-6957\" alt=\"\" srcset=\"https:\/\/www.flegracollection.com\/wp-content\/uploads\/2019\/08\/pella-greece-maacedonia-1024x1024.jpg 1024w, https:\/\/www.flegracollection.com\/wp-content\/uploads\/2019\/08\/pella-greece-maacedonia-300x300.jpg 300w, https:\/\/www.flegracollection.com\/wp-content\/uploads\/2019\/08\/pella-greece-maacedonia-1536x1536.jpg 1536w, https:\/\/www.flegracollection.com\/wp-content\/uploads\/2019\/08\/pella-greece-maacedonia-2048x2048.jpg 2048w, https:\/\/www.flegracollection.com\/wp-content\/uploads\/2019\/08\/pella-greece-maacedonia-500x500.jpg 500w\" sizes=\"(max-width: 1024px) 100vw, 1024px\" \/> <span class=\"raven-post-image-overlay\"><\/span><\/a>\t\t<\/div>\n\t\t\t\t\t\t<div class=\"raven-post-content\">\n\t\t\t\t\t<h3 class=\"raven-post-title\"><a class=\"raven-post-title-link\" href=\"https:\/\/www.flegracollection.com\/it\/pella-la-capitale-del-regno-di-macedonia\/\">Pella, la capitale del regno di Macedonia<\/a><\/h3><div class=\"raven-post-excerpt\">Pella \u00e8 meglio conosciuta come l&#8217;antica e ricca capitale del regno di Macedonia ai tempi di Alessandro Magno e si trova vicino a Salonicco. L\u00ec, puoi vedere mostre con tutti<\/div>\t\t<div class=\"raven-post-read-more\">\n\t\t\t<a class=\"raven-post-button\" href=\"https:\/\/www.flegracollection.com\/it\/pella-la-capitale-del-regno-di-macedonia\/\"><span class=\"raven-post-button-text\">Vedi pi\u00f9<\/span><\/a>\n\t\t<\/div>\n\t\t\t\t\t\t<\/div>\n\t\t\t<\/div>\n\t\t<\/div>\n\t\t\t\t<div class=\"raven-grid-item raven-post-item post-6936 post type-post status-publish format-standard has-post-thumbnail hentry category-storia-e-cultura-di-calcidica\">\n\t\t\t<div class=\"raven-post elementor-animation-shrink\">\n\t\t\t\t\t\t<div class=\"raven-post-image-wrap\">\n\t\t\t<a class=\"raven-post-image raven-image-fit\" href=\"https:\/\/www.flegracollection.com\/it\/salonicco-la-capitale-della-macedonia\/\"><img loading=\"lazy\" decoding=\"async\" width=\"1024\" height=\"1024\" src=\"https:\/\/www.flegracollection.com\/wp-content\/uploads\/2019\/08\/thessaloniki-white-tower-1024x1024.jpg\" class=\"attachment-large size-large wp-image-6945\" alt=\"\" srcset=\"https:\/\/www.flegracollection.com\/wp-content\/uploads\/2019\/08\/thessaloniki-white-tower-1024x1024.jpg 1024w, https:\/\/www.flegracollection.com\/wp-content\/uploads\/2019\/08\/thessaloniki-white-tower-300x300.jpg 300w, https:\/\/www.flegracollection.com\/wp-content\/uploads\/2019\/08\/thessaloniki-white-tower-1536x1536.jpg 1536w, https:\/\/www.flegracollection.com\/wp-content\/uploads\/2019\/08\/thessaloniki-white-tower-2048x2048.jpg 2048w, https:\/\/www.flegracollection.com\/wp-content\/uploads\/2019\/08\/thessaloniki-white-tower-500x500.jpg 500w\" sizes=\"(max-width: 1024px) 100vw, 1024px\" \/> <span class=\"raven-post-image-overlay\"><\/span><\/a>\t\t<\/div>\n\t\t\t\t\t\t<div class=\"raven-post-content\">\n\t\t\t\t\t<h3 class=\"raven-post-title\"><a class=\"raven-post-title-link\" href=\"https:\/\/www.flegracollection.com\/it\/salonicco-la-capitale-della-macedonia\/\">Salonicco, la capitale della Macedonia<\/a><\/h3><div class=\"raven-post-excerpt\">Salonicco \u00e8 la seconda citt\u00e0 pi\u00f9 grande della Grecia e la capitale della Macedonia, situata a soli 100 km dal nostro Flegra Palace Hotel. Salonicco \u00e8 il secondo maggiore centro<\/div>\t\t<div class=\"raven-post-read-more\">\n\t\t\t<a class=\"raven-post-button\" href=\"https:\/\/www.flegracollection.com\/it\/salonicco-la-capitale-della-macedonia\/\"><span class=\"raven-post-button-text\">Vedi pi\u00f9<\/span><\/a>\n\t\t<\/div>\n\t\t\t\t\t\t<\/div>\n\t\t\t<\/div>\n\t\t<\/div>\n\t\t\t\t<\/div>\n\t\t\t\t\t\t<\/div>\n\t\t\t\t<\/div>\n\t\t\t\t\t<\/div>\n\t\t<\/div>\n\t\t\t\t\t<\/div>\n\t\t<\/section>\n\t\t\t\t<\/div>\n\t\t","protected":false},"excerpt":{"rendered":"<p>Calcidica \u00e8 una terra situata nella parte settentrionale della Grecia e ha giocato un ruolo vitale nella storia di tutto il paese. Nel 348 a.C., Calcidica divenne parte del regno macedone, sotto il controllo di Filippo. Dopo la fine delle guerre tra macedoni e romani, la regione divenne parte dell&#8217;Impero romano, insieme al resto della [&hellip;]<\/p>\n","protected":false},"author":2,"featured_media":0,"parent":8618,"menu_order":0,"comment_status":"closed","ping_status":"closed","template":"","meta":{"_acf_changed":false,"footnotes":""},"class_list":["post-8620","page","type-page","status-publish","hentry"],"acf":[],"yoast_head":"<!-- This site is optimized with the Yoast SEO plugin v27.5 - https:\/\/yoast.com\/product\/yoast-seo-wordpress\/ -->\n<title>Storia e cultura della regione - Flegra Collection Hotels<\/title>\n<meta name=\"robots\" content=\"index, follow, max-snippet:-1, max-image-preview:large, max-video-preview:-1\" \/>\n<link rel=\"canonical\" href=\"https:\/\/www.flegracollection.com\/it\/buono-a-sapersi\/storia-e-cultura-della-regione\/\" \/>\n<meta property=\"og:locale\" content=\"it_IT\" \/>\n<meta property=\"og:type\" content=\"article\" \/>\n<meta property=\"og:title\" content=\"Storia e cultura della regione - Flegra Collection Hotels\" \/>\n<meta property=\"og:description\" content=\"Calcidica \u00e8 una terra situata nella parte settentrionale della Grecia e ha giocato un ruolo vitale nella storia di tutto il paese. Nel 348 a.C., Calcidica divenne parte del regno macedone, sotto il controllo di Filippo. Dopo la fine delle guerre tra macedoni e romani, la regione divenne parte dell&#8217;Impero romano, insieme al resto della [&hellip;]\" \/>\n<meta property=\"og:url\" content=\"https:\/\/www.flegracollection.com\/it\/buono-a-sapersi\/storia-e-cultura-della-regione\/\" \/>\n<meta property=\"og:site_name\" content=\"Flegra Collection Hotels\" \/>\n<meta property=\"article:modified_time\" content=\"2020-03-28T21:11:20+00:00\" \/>\n<meta property=\"og:image\" content=\"https:\/\/www.flegracollection.com\/wp-content\/uploads\/2019\/08\/agios-gregorios-monastery-in-mount-athos-in-halkidiki-1-1024x683.jpg\" \/>\n<meta name=\"twitter:card\" content=\"summary_large_image\" \/>\n<meta name=\"twitter:label1\" content=\"Tempo di lettura stimato\" \/>\n\t<meta name=\"twitter:data1\" content=\"2 minuti\" \/>\n<script type=\"application\/ld+json\" class=\"yoast-schema-graph\">{\"@context\":\"https:\\\/\\\/schema.org\",\"@graph\":[{\"@type\":\"WebPage\",\"@id\":\"https:\\\/\\\/www.flegracollection.com\\\/it\\\/buono-a-sapersi\\\/storia-e-cultura-della-regione\\\/\",\"url\":\"https:\\\/\\\/www.flegracollection.com\\\/it\\\/buono-a-sapersi\\\/storia-e-cultura-della-regione\\\/\",\"name\":\"Storia e cultura della regione - Flegra Collection Hotels\",\"isPartOf\":{\"@id\":\"https:\\\/\\\/www.flegracollection.com\\\/#website\"},\"primaryImageOfPage\":{\"@id\":\"https:\\\/\\\/www.flegracollection.com\\\/it\\\/buono-a-sapersi\\\/storia-e-cultura-della-regione\\\/#primaryimage\"},\"image\":{\"@id\":\"https:\\\/\\\/www.flegracollection.com\\\/it\\\/buono-a-sapersi\\\/storia-e-cultura-della-regione\\\/#primaryimage\"},\"thumbnailUrl\":\"https:\\\/\\\/www.flegracollection.com\\\/wp-content\\\/uploads\\\/2019\\\/08\\\/agios-gregorios-monastery-in-mount-athos-in-halkidiki-1-1024x683.jpg\",\"datePublished\":\"2020-02-29T22:22:09+00:00\",\"dateModified\":\"2020-03-28T21:11:20+00:00\",\"breadcrumb\":{\"@id\":\"https:\\\/\\\/www.flegracollection.com\\\/it\\\/buono-a-sapersi\\\/storia-e-cultura-della-regione\\\/#breadcrumb\"},\"inLanguage\":\"it-IT\",\"potentialAction\":[{\"@type\":\"ReadAction\",\"target\":[\"https:\\\/\\\/www.flegracollection.com\\\/it\\\/buono-a-sapersi\\\/storia-e-cultura-della-regione\\\/\"]}]},{\"@type\":\"ImageObject\",\"inLanguage\":\"it-IT\",\"@id\":\"https:\\\/\\\/www.flegracollection.com\\\/it\\\/buono-a-sapersi\\\/storia-e-cultura-della-regione\\\/#primaryimage\",\"url\":\"https:\\\/\\\/www.flegracollection.com\\\/wp-content\\\/uploads\\\/2019\\\/08\\\/agios-gregorios-monastery-in-mount-athos-in-halkidiki-1-1024x683.jpg\",\"contentUrl\":\"https:\\\/\\\/www.flegracollection.com\\\/wp-content\\\/uploads\\\/2019\\\/08\\\/agios-gregorios-monastery-in-mount-athos-in-halkidiki-1-1024x683.jpg\"},{\"@type\":\"BreadcrumbList\",\"@id\":\"https:\\\/\\\/www.flegracollection.com\\\/it\\\/buono-a-sapersi\\\/storia-e-cultura-della-regione\\\/#breadcrumb\",\"itemListElement\":[{\"@type\":\"ListItem\",\"position\":1,\"name\":\"Home\",\"item\":\"https:\\\/\\\/www.flegracollection.com\\\/\"},{\"@type\":\"ListItem\",\"position\":2,\"name\":\"Buono a sapersi\",\"item\":\"https:\\\/\\\/www.flegracollection.com\\\/it\\\/buono-a-sapersi\\\/\"},{\"@type\":\"ListItem\",\"position\":3,\"name\":\"Storia e cultura della regione\"}]},{\"@type\":\"WebSite\",\"@id\":\"https:\\\/\\\/www.flegracollection.com\\\/#website\",\"url\":\"https:\\\/\\\/www.flegracollection.com\\\/\",\"name\":\"Flegra Collection Hotels\",\"description\":\"35 Years of Hospitality Hotels in Halkidiki\",\"potentialAction\":[{\"@type\":\"SearchAction\",\"target\":{\"@type\":\"EntryPoint\",\"urlTemplate\":\"https:\\\/\\\/www.flegracollection.com\\\/?s={search_term_string}\"},\"query-input\":{\"@type\":\"PropertyValueSpecification\",\"valueRequired\":true,\"valueName\":\"search_term_string\"}}],\"inLanguage\":\"it-IT\"}]}<\/script>\n<!-- \/ Yoast SEO plugin. -->","yoast_head_json":{"title":"Storia e cultura della regione - Flegra Collection Hotels","robots":{"index":"index","follow":"follow","max-snippet":"max-snippet:-1","max-image-preview":"max-image-preview:large","max-video-preview":"max-video-preview:-1"},"canonical":"https:\/\/www.flegracollection.com\/it\/buono-a-sapersi\/storia-e-cultura-della-regione\/","og_locale":"it_IT","og_type":"article","og_title":"Storia e cultura della regione - Flegra Collection Hotels","og_description":"Calcidica \u00e8 una terra situata nella parte settentrionale della Grecia e ha giocato un ruolo vitale nella storia di tutto il paese. Nel 348 a.C., Calcidica divenne parte del regno macedone, sotto il controllo di Filippo. Dopo la fine delle guerre tra macedoni e romani, la regione divenne parte dell&#8217;Impero romano, insieme al resto della [&hellip;]","og_url":"https:\/\/www.flegracollection.com\/it\/buono-a-sapersi\/storia-e-cultura-della-regione\/","og_site_name":"Flegra Collection Hotels","article_modified_time":"2020-03-28T21:11:20+00:00","og_image":[{"url":"https:\/\/www.flegracollection.com\/wp-content\/uploads\/2019\/08\/agios-gregorios-monastery-in-mount-athos-in-halkidiki-1-1024x683.jpg","type":"","width":"","height":""}],"twitter_card":"summary_large_image","twitter_misc":{"Tempo di lettura stimato":"2 minuti"},"schema":{"@context":"https:\/\/schema.org","@graph":[{"@type":"WebPage","@id":"https:\/\/www.flegracollection.com\/it\/buono-a-sapersi\/storia-e-cultura-della-regione\/","url":"https:\/\/www.flegracollection.com\/it\/buono-a-sapersi\/storia-e-cultura-della-regione\/","name":"Storia e cultura della regione - Flegra Collection Hotels","isPartOf":{"@id":"https:\/\/www.flegracollection.com\/#website"},"primaryImageOfPage":{"@id":"https:\/\/www.flegracollection.com\/it\/buono-a-sapersi\/storia-e-cultura-della-regione\/#primaryimage"},"image":{"@id":"https:\/\/www.flegracollection.com\/it\/buono-a-sapersi\/storia-e-cultura-della-regione\/#primaryimage"},"thumbnailUrl":"https:\/\/www.flegracollection.com\/wp-content\/uploads\/2019\/08\/agios-gregorios-monastery-in-mount-athos-in-halkidiki-1-1024x683.jpg","datePublished":"2020-02-29T22:22:09+00:00","dateModified":"2020-03-28T21:11:20+00:00","breadcrumb":{"@id":"https:\/\/www.flegracollection.com\/it\/buono-a-sapersi\/storia-e-cultura-della-regione\/#breadcrumb"},"inLanguage":"it-IT","potentialAction":[{"@type":"ReadAction","target":["https:\/\/www.flegracollection.com\/it\/buono-a-sapersi\/storia-e-cultura-della-regione\/"]}]},{"@type":"ImageObject","inLanguage":"it-IT","@id":"https:\/\/www.flegracollection.com\/it\/buono-a-sapersi\/storia-e-cultura-della-regione\/#primaryimage","url":"https:\/\/www.flegracollection.com\/wp-content\/uploads\/2019\/08\/agios-gregorios-monastery-in-mount-athos-in-halkidiki-1-1024x683.jpg","contentUrl":"https:\/\/www.flegracollection.com\/wp-content\/uploads\/2019\/08\/agios-gregorios-monastery-in-mount-athos-in-halkidiki-1-1024x683.jpg"},{"@type":"BreadcrumbList","@id":"https:\/\/www.flegracollection.com\/it\/buono-a-sapersi\/storia-e-cultura-della-regione\/#breadcrumb","itemListElement":[{"@type":"ListItem","position":1,"name":"Home","item":"https:\/\/www.flegracollection.com\/"},{"@type":"ListItem","position":2,"name":"Buono a sapersi","item":"https:\/\/www.flegracollection.com\/it\/buono-a-sapersi\/"},{"@type":"ListItem","position":3,"name":"Storia e cultura della regione"}]},{"@type":"WebSite","@id":"https:\/\/www.flegracollection.com\/#website","url":"https:\/\/www.flegracollection.com\/","name":"Flegra Collection Hotels","description":"35 Years of Hospitality Hotels in Halkidiki","potentialAction":[{"@type":"SearchAction","target":{"@type":"EntryPoint","urlTemplate":"https:\/\/www.flegracollection.com\/?s={search_term_string}"},"query-input":{"@type":"PropertyValueSpecification","valueRequired":true,"valueName":"search_term_string"}}],"inLanguage":"it-IT"}]}},"_links":{"self":[{"href":"https:\/\/www.flegracollection.com\/it\/wp-json\/wp\/v2\/pages\/8620","targetHints":{"allow":["GET"]}}],"collection":[{"href":"https:\/\/www.flegracollection.com\/it\/wp-json\/wp\/v2\/pages"}],"about":[{"href":"https:\/\/www.flegracollection.com\/it\/wp-json\/wp\/v2\/types\/page"}],"author":[{"embeddable":true,"href":"https:\/\/www.flegracollection.com\/it\/wp-json\/wp\/v2\/users\/2"}],"replies":[{"embeddable":true,"href":"https:\/\/www.flegracollection.com\/it\/wp-json\/wp\/v2\/comments?post=8620"}],"version-history":[{"count":0,"href":"https:\/\/www.flegracollection.com\/it\/wp-json\/wp\/v2\/pages\/8620\/revisions"}],"up":[{"embeddable":true,"href":"https:\/\/www.flegracollection.com\/it\/wp-json\/wp\/v2\/pages\/8618"}],"wp:attachment":[{"href":"https:\/\/www.flegracollection.com\/it\/wp-json\/wp\/v2\/media?parent=8620"}],"curies":[{"name":"wp","href":"https:\/\/api.w.org\/{rel}","templated":true}]}}