{"id":8826,"date":"2020-02-29T23:03:48","date_gmt":"2020-02-29T23:03:48","guid":{"rendered":"https:\/\/www.flegracollection.com\/bon-a-savoir\/histoire-et-culture-de-la-region\/"},"modified":"2020-03-28T21:08:51","modified_gmt":"2020-03-28T21:08:51","slug":"histoire-et-culture-de-la-region","status":"publish","type":"page","link":"https:\/\/www.flegracollection.com\/fr\/bon-a-savoir\/histoire-et-culture-de-la-region\/","title":{"rendered":"Histoire et culture de la r\u00e9gion"},"content":{"rendered":"\t\t<div data-elementor-type=\"wp-page\" data-elementor-id=\"8826\" class=\"elementor elementor-8826 elementor-1465\">\n\t\t\t\t\t\t<section class=\"elementor-section elementor-top-section elementor-element elementor-element-a07461f elementor-section-boxed elementor-section-height-default elementor-section-height-default\" data-id=\"a07461f\" data-element_type=\"section\" data-e-type=\"section\" data-settings=\"{&quot;jet_parallax_layout_list&quot;:[{&quot;jet_parallax_layout_image&quot;:{&quot;url&quot;:&quot;&quot;,&quot;id&quot;:&quot;&quot;,&quot;size&quot;:&quot;&quot;},&quot;_id&quot;:&quot;f91c91e&quot;,&quot;jet_parallax_layout_image_tablet&quot;:{&quot;url&quot;:&quot;&quot;,&quot;id&quot;:&quot;&quot;,&quot;size&quot;:&quot;&quot;},&quot;jet_parallax_layout_image_mobile&quot;:{&quot;url&quot;:&quot;&quot;,&quot;id&quot;:&quot;&quot;,&quot;size&quot;:&quot;&quot;},&quot;jet_parallax_layout_speed&quot;:{&quot;unit&quot;:&quot;%&quot;,&quot;size&quot;:50,&quot;sizes&quot;:[]},&quot;jet_parallax_layout_type&quot;:&quot;scroll&quot;,&quot;jet_parallax_layout_direction&quot;:&quot;1&quot;,&quot;jet_parallax_layout_fx_direction&quot;:null,&quot;jet_parallax_layout_z_index&quot;:&quot;&quot;,&quot;jet_parallax_layout_bg_x&quot;:50,&quot;jet_parallax_layout_bg_y&quot;:50,&quot;jet_parallax_layout_bg_size&quot;:&quot;auto&quot;,&quot;jet_parallax_layout_animation_prop&quot;:&quot;transform&quot;,&quot;jet_parallax_layout_on&quot;:[&quot;desktop&quot;,&quot;tablet&quot;],&quot;jet_parallax_layout_bg_x_tablet&quot;:&quot;&quot;,&quot;jet_parallax_layout_bg_x_mobile&quot;:&quot;&quot;,&quot;jet_parallax_layout_bg_y_tablet&quot;:&quot;&quot;,&quot;jet_parallax_layout_bg_y_mobile&quot;:&quot;&quot;,&quot;jet_parallax_layout_bg_size_tablet&quot;:&quot;&quot;,&quot;jet_parallax_layout_bg_size_mobile&quot;:&quot;&quot;}]}\">\n\t\t\t\t\t\t<div class=\"elementor-container elementor-column-gap-default\">\n\t\t\t\t\t<div class=\"elementor-column elementor-col-100 elementor-top-column elementor-element elementor-element-a969f56\" data-id=\"a969f56\" data-element_type=\"column\" data-e-type=\"column\">\n\t\t\t<div class=\"elementor-widget-wrap elementor-element-populated\">\n\t\t\t\t\t\t<div class=\"elementor-element elementor-element-0a45bea elementor-widget elementor-widget-text-editor\" data-id=\"0a45bea\" data-element_type=\"widget\" data-e-type=\"widget\" data-widget_type=\"text-editor.default\">\n\t\t\t\t<div class=\"elementor-widget-container\">\n\t\t\t\t\t\t\t\t\t<p>Halkidiki est une terre situ\u00e9e dans la partie nord de la Gr\u00e8ce et a jou\u00e9 son propre r\u00f4le vital dans l&rsquo;histoire de tout le pays. En 348 avant JC, Halkidiki est devenu une partie du royaume mac\u00e9donien, sous le contr\u00f4le de Philip. Apr\u00e8s la fin des guerres entre les Mac\u00e9doniens et les Romains, la r\u00e9gion est devenue partie de l&rsquo;Empire romain, avec le reste de la Gr\u00e8ce. \u00c0 la fin de la R\u00e9publique romaine, une colonie romaine s&rsquo;est install\u00e9e \u00e0 Cassandreia, qui a ensuite \u00e9t\u00e9 r\u00e9install\u00e9e par Auguste. Par cons\u00e9quent, dans la r\u00e9gion de Halkidiki, vous trouverez une grande vari\u00e9t\u00e9 de monuments et d&rsquo;\u00e9glises byzantines.<\/p>\n\t\t\t\t\t\t\t\t<\/div>\n\t\t\t\t<\/div>\n\t\t\t\t\t<\/div>\n\t\t<\/div>\n\t\t\t\t\t<\/div>\n\t\t<\/section>\n\t\t\t\t<section class=\"elementor-section elementor-top-section elementor-element elementor-element-a878cd0 elementor-section-boxed elementor-section-height-default elementor-section-height-default\" data-id=\"a878cd0\" data-element_type=\"section\" data-e-type=\"section\" data-settings=\"{&quot;jet_parallax_layout_list&quot;:[{&quot;jet_parallax_layout_image&quot;:{&quot;url&quot;:&quot;&quot;,&quot;id&quot;:&quot;&quot;,&quot;size&quot;:&quot;&quot;},&quot;_id&quot;:&quot;1080a1a&quot;,&quot;jet_parallax_layout_image_tablet&quot;:{&quot;url&quot;:&quot;&quot;,&quot;id&quot;:&quot;&quot;,&quot;size&quot;:&quot;&quot;},&quot;jet_parallax_layout_image_mobile&quot;:{&quot;url&quot;:&quot;&quot;,&quot;id&quot;:&quot;&quot;,&quot;size&quot;:&quot;&quot;},&quot;jet_parallax_layout_speed&quot;:{&quot;unit&quot;:&quot;%&quot;,&quot;size&quot;:50,&quot;sizes&quot;:[]},&quot;jet_parallax_layout_type&quot;:&quot;scroll&quot;,&quot;jet_parallax_layout_direction&quot;:&quot;1&quot;,&quot;jet_parallax_layout_fx_direction&quot;:null,&quot;jet_parallax_layout_z_index&quot;:&quot;&quot;,&quot;jet_parallax_layout_bg_x&quot;:50,&quot;jet_parallax_layout_bg_y&quot;:50,&quot;jet_parallax_layout_bg_size&quot;:&quot;auto&quot;,&quot;jet_parallax_layout_animation_prop&quot;:&quot;transform&quot;,&quot;jet_parallax_layout_on&quot;:[&quot;desktop&quot;,&quot;tablet&quot;],&quot;jet_parallax_layout_bg_x_tablet&quot;:&quot;&quot;,&quot;jet_parallax_layout_bg_x_mobile&quot;:&quot;&quot;,&quot;jet_parallax_layout_bg_y_tablet&quot;:&quot;&quot;,&quot;jet_parallax_layout_bg_y_mobile&quot;:&quot;&quot;,&quot;jet_parallax_layout_bg_size_tablet&quot;:&quot;&quot;,&quot;jet_parallax_layout_bg_size_mobile&quot;:&quot;&quot;}]}\">\n\t\t\t\t\t\t<div class=\"elementor-container elementor-column-gap-default\">\n\t\t\t\t\t<div class=\"elementor-column elementor-col-100 elementor-top-column elementor-element elementor-element-6af7553\" data-id=\"6af7553\" data-element_type=\"column\" data-e-type=\"column\">\n\t\t\t<div class=\"elementor-widget-wrap elementor-element-populated\">\n\t\t\t\t\t\t<div class=\"elementor-element elementor-element-f623afd elementor-widget elementor-widget-raven-posts\" data-id=\"f623afd\" data-element_type=\"widget\" data-e-type=\"widget\" data-settings=\"{&quot;classic_columns&quot;:&quot;2&quot;,&quot;query_posts_per_page&quot;:12,&quot;_skin&quot;:&quot;classic&quot;,&quot;classic_layout&quot;:&quot;grid&quot;,&quot;classic_columns_tablet&quot;:&quot;2&quot;,&quot;classic_columns_mobile&quot;:&quot;1&quot;,&quot;query_offset&quot;:0}\" data-widget_type=\"raven-posts.classic\">\n\t\t\t\t<div class=\"elementor-widget-container\">\n\t\t\t\t\t\t\t<div class=\"raven-posts raven-grid raven-grid-2 raven-grid-mobile-1 raven-grid-tablet-2\" data-post-id=\"8826\" data-archive-query=\"\" data-lang=\"\">\n\t\t\t\t<div class=\"raven-grid-item raven-post-item post-24844 post type-post status-publish format-standard has-post-thumbnail hentry category-non-classifiee category-activites-a-halkidiki category-histoire-et-culture-de-halkidiki\">\n\t\t\t<div class=\"raven-post elementor-animation-shrink\">\n\t\t\t\t\t\t<div class=\"raven-post-image-wrap\">\n\t\t\t<a class=\"raven-post-image raven-image-fit\" href=\"https:\/\/www.flegracollection.com\/fr\/bains-thermaux-2\/\"><img fetchpriority=\"high\" decoding=\"async\" width=\"1024\" height=\"768\" src=\"https:\/\/www.flegracollection.com\/wp-content\/uploads\/2020\/02\/thermal-spa-halkidiki-cliff-1-2.jpg\" class=\"attachment-large size-large wp-image-24866\" alt=\"\" srcset=\"https:\/\/www.flegracollection.com\/wp-content\/uploads\/2020\/02\/thermal-spa-halkidiki-cliff-1-2.jpg 1024w, https:\/\/www.flegracollection.com\/wp-content\/uploads\/2020\/02\/thermal-spa-halkidiki-cliff-1-2-300x225.jpg 300w, https:\/\/www.flegracollection.com\/wp-content\/uploads\/2020\/02\/thermal-spa-halkidiki-cliff-1-2-768x576.jpg 768w\" sizes=\"(max-width: 1024px) 100vw, 1024px\" \/> <span class=\"raven-post-image-overlay\"><\/span><\/a>\t\t<\/div>\n\t\t\t\t\t\t<div class=\"raven-post-content\">\n\t\t\t\t\t<h3 class=\"raven-post-title\"><a class=\"raven-post-title-link\" href=\"https:\/\/www.flegracollection.com\/fr\/bains-thermaux-2\/\">Grotte de Petralona<\/a><\/h3><div class=\"raven-post-excerpt\">Grotte de Petralona La nature a toujours \u00e9t\u00e9 une cr\u00e9atrice impr\u00e9visible. Cela est plus que \u00e9vident lorsqu\u2019on p\u00e9n\u00e8tre dans la grotte de Petralona, \u200b\u200bform\u00e9e il y a environ un million<\/div>\t\t<div class=\"raven-post-read-more\">\n\t\t\t<a class=\"raven-post-button\" href=\"https:\/\/www.flegracollection.com\/fr\/bains-thermaux-2\/\"><span class=\"raven-post-button-text\">Voir plus<\/span><\/a>\n\t\t<\/div>\n\t\t\t\t\t\t<\/div>\n\t\t\t<\/div>\n\t\t<\/div>\n\t\t\t\t<div class=\"raven-grid-item raven-post-item post-7769 post type-post status-publish format-standard has-post-thumbnail hentry category-histoire-et-culture-de-halkidiki\">\n\t\t\t<div class=\"raven-post elementor-animation-shrink\">\n\t\t\t\t\t\t<div class=\"raven-post-image-wrap\">\n\t\t\t<a class=\"raven-post-image raven-image-fit\" href=\"https:\/\/www.flegracollection.com\/fr\/mont-athos\/\"><img decoding=\"async\" width=\"1024\" height=\"683\" src=\"https:\/\/www.flegracollection.com\/wp-content\/uploads\/2019\/08\/agios-gregorios-monastery-in-mount-athos-in-halkidiki-1-1024x683.jpg\" class=\"attachment-large size-large wp-image-7764\" alt=\"\" srcset=\"https:\/\/www.flegracollection.com\/wp-content\/uploads\/2019\/08\/agios-gregorios-monastery-in-mount-athos-in-halkidiki-1-1024x683.jpg 1024w, https:\/\/www.flegracollection.com\/wp-content\/uploads\/2019\/08\/agios-gregorios-monastery-in-mount-athos-in-halkidiki-1-300x200.jpg 300w, https:\/\/www.flegracollection.com\/wp-content\/uploads\/2019\/08\/agios-gregorios-monastery-in-mount-athos-in-halkidiki-1-768x512.jpg 768w, https:\/\/www.flegracollection.com\/wp-content\/uploads\/2019\/08\/agios-gregorios-monastery-in-mount-athos-in-halkidiki-1-1536x1024.jpg 1536w, https:\/\/www.flegracollection.com\/wp-content\/uploads\/2019\/08\/agios-gregorios-monastery-in-mount-athos-in-halkidiki-1.jpg 1800w\" sizes=\"(max-width: 1024px) 100vw, 1024px\" \/> <span class=\"raven-post-image-overlay\"><\/span><\/a>\t\t<\/div>\n\t\t\t\t\t\t<div class=\"raven-post-content\">\n\t\t\t\t\t<h3 class=\"raven-post-title\"><a class=\"raven-post-title-link\" href=\"https:\/\/www.flegracollection.com\/fr\/mont-athos\/\">Mont Athos<\/a><\/h3><div class=\"raven-post-excerpt\">Outre les mythes, Halkidiki a une tradition qui remonte bien dans le temps. Les monast\u00e8res du mont Athos sont hauts &#8211; comme ils l&rsquo;ont fait pendant 1000 ans et continueront<\/div>\t\t<div class=\"raven-post-read-more\">\n\t\t\t<a class=\"raven-post-button\" href=\"https:\/\/www.flegracollection.com\/fr\/mont-athos\/\"><span class=\"raven-post-button-text\">Voir plus<\/span><\/a>\n\t\t<\/div>\n\t\t\t\t\t\t<\/div>\n\t\t\t<\/div>\n\t\t<\/div>\n\t\t\t\t<div class=\"raven-grid-item raven-post-item post-7828 post type-post status-publish format-standard has-post-thumbnail hentry category-histoire-et-culture-de-halkidiki\">\n\t\t\t<div class=\"raven-post elementor-animation-shrink\">\n\t\t\t\t\t\t<div class=\"raven-post-image-wrap\">\n\t\t\t<a class=\"raven-post-image raven-image-fit\" href=\"https:\/\/www.flegracollection.com\/fr\/ancien-olynthos\/\"><img decoding=\"async\" width=\"1024\" height=\"1024\" src=\"https:\/\/www.flegracollection.com\/wp-content\/uploads\/2019\/08\/Ancient-Olynthos-halkidiki-greece-1024x1024.jpg\" class=\"attachment-large size-large wp-image-7838\" alt=\"\" srcset=\"https:\/\/www.flegracollection.com\/wp-content\/uploads\/2019\/08\/Ancient-Olynthos-halkidiki-greece-1024x1024.jpg 1024w, https:\/\/www.flegracollection.com\/wp-content\/uploads\/2019\/08\/Ancient-Olynthos-halkidiki-greece-300x300.jpg 300w, https:\/\/www.flegracollection.com\/wp-content\/uploads\/2019\/08\/Ancient-Olynthos-halkidiki-greece-1536x1536.jpg 1536w, https:\/\/www.flegracollection.com\/wp-content\/uploads\/2019\/08\/Ancient-Olynthos-halkidiki-greece-2048x2048.jpg 2048w, https:\/\/www.flegracollection.com\/wp-content\/uploads\/2019\/08\/Ancient-Olynthos-halkidiki-greece-500x500.jpg 500w\" sizes=\"(max-width: 1024px) 100vw, 1024px\" \/> <span class=\"raven-post-image-overlay\"><\/span><\/a>\t\t<\/div>\n\t\t\t\t\t\t<div class=\"raven-post-content\">\n\t\t\t\t\t<h3 class=\"raven-post-title\"><a class=\"raven-post-title-link\" href=\"https:\/\/www.flegracollection.com\/fr\/ancien-olynthos\/\">Ancien Olynthos<\/a><\/h3><div class=\"raven-post-excerpt\">Olynthos a un pass\u00e9 historique unique, datant des ann\u00e9es d&rsquo;Aristote et m\u00eame plus. Le village moderne s&rsquo;appelle Nea Olynthos et il est situ\u00e9 au pied de la p\u00e9ninsule de Kassandra,<\/div>\t\t<div class=\"raven-post-read-more\">\n\t\t\t<a class=\"raven-post-button\" href=\"https:\/\/www.flegracollection.com\/fr\/ancien-olynthos\/\"><span class=\"raven-post-button-text\">Voir plus<\/span><\/a>\n\t\t<\/div>\n\t\t\t\t\t\t<\/div>\n\t\t\t<\/div>\n\t\t<\/div>\n\t\t\t\t<div class=\"raven-grid-item raven-post-item post-7840 post type-post status-publish format-standard has-post-thumbnail hentry category-histoire-et-culture-de-halkidiki\">\n\t\t\t<div class=\"raven-post elementor-animation-shrink\">\n\t\t\t\t\t\t<div class=\"raven-post-image-wrap\">\n\t\t\t<a class=\"raven-post-image raven-image-fit\" href=\"https:\/\/www.flegracollection.com\/fr\/musees-de-la-peninsule-de-kassandra\/\"><img loading=\"lazy\" decoding=\"async\" width=\"1024\" height=\"1024\" src=\"https:\/\/www.flegracollection.com\/wp-content\/uploads\/2019\/08\/fisheries-museum-in-halkidiki-1024x1024.jpg\" class=\"attachment-large size-large wp-image-7850\" alt=\"\" srcset=\"https:\/\/www.flegracollection.com\/wp-content\/uploads\/2019\/08\/fisheries-museum-in-halkidiki-1024x1024.jpg 1024w, https:\/\/www.flegracollection.com\/wp-content\/uploads\/2019\/08\/fisheries-museum-in-halkidiki-300x300.jpg 300w, https:\/\/www.flegracollection.com\/wp-content\/uploads\/2019\/08\/fisheries-museum-in-halkidiki-1536x1536.jpg 1536w, https:\/\/www.flegracollection.com\/wp-content\/uploads\/2019\/08\/fisheries-museum-in-halkidiki-2048x2048.jpg 2048w, https:\/\/www.flegracollection.com\/wp-content\/uploads\/2019\/08\/fisheries-museum-in-halkidiki-500x500.jpg 500w\" sizes=\"(max-width: 1024px) 100vw, 1024px\" \/> <span class=\"raven-post-image-overlay\"><\/span><\/a>\t\t<\/div>\n\t\t\t\t\t\t<div class=\"raven-post-content\">\n\t\t\t\t\t<h3 class=\"raven-post-title\"><a class=\"raven-post-title-link\" href=\"https:\/\/www.flegracollection.com\/fr\/musees-de-la-peninsule-de-kassandra\/\">Mus\u00e9es de la p\u00e9ninsule de Kassandra<\/a><\/h3><div class=\"raven-post-excerpt\">La p\u00e9ninsule de Kassandra poss\u00e8de une vari\u00e9t\u00e9 de mus\u00e9es de folklore o\u00f9 les clients peuvent d\u00e9couvrir la fa\u00e7on dont les habitants locaux vivaient. Il existe des mus\u00e9es du folklore \u00e0<\/div>\t\t<div class=\"raven-post-read-more\">\n\t\t\t<a class=\"raven-post-button\" href=\"https:\/\/www.flegracollection.com\/fr\/musees-de-la-peninsule-de-kassandra\/\"><span class=\"raven-post-button-text\">Voir plus<\/span><\/a>\n\t\t<\/div>\n\t\t\t\t\t\t<\/div>\n\t\t\t<\/div>\n\t\t<\/div>\n\t\t\t\t<div class=\"raven-grid-item raven-post-item post-7852 post type-post status-publish format-standard has-post-thumbnail hentry category-histoire-et-culture-de-halkidiki\">\n\t\t\t<div class=\"raven-post elementor-animation-shrink\">\n\t\t\t\t\t\t<div class=\"raven-post-image-wrap\">\n\t\t\t<a class=\"raven-post-image raven-image-fit\" href=\"https:\/\/www.flegracollection.com\/fr\/monuments-et-eglises-de-halkidiki\/\"><img loading=\"lazy\" decoding=\"async\" width=\"1024\" height=\"1024\" src=\"https:\/\/www.flegracollection.com\/wp-content\/uploads\/2019\/08\/NeaSkioni_Panagia-Faneromeni-halkidiki-1024x1024.jpg\" class=\"attachment-large size-large wp-image-7864\" alt=\"\" srcset=\"https:\/\/www.flegracollection.com\/wp-content\/uploads\/2019\/08\/NeaSkioni_Panagia-Faneromeni-halkidiki-1024x1024.jpg 1024w, https:\/\/www.flegracollection.com\/wp-content\/uploads\/2019\/08\/NeaSkioni_Panagia-Faneromeni-halkidiki-300x300.jpg 300w, https:\/\/www.flegracollection.com\/wp-content\/uploads\/2019\/08\/NeaSkioni_Panagia-Faneromeni-halkidiki-1536x1536.jpg 1536w, https:\/\/www.flegracollection.com\/wp-content\/uploads\/2019\/08\/NeaSkioni_Panagia-Faneromeni-halkidiki-2048x2048.jpg 2048w, https:\/\/www.flegracollection.com\/wp-content\/uploads\/2019\/08\/NeaSkioni_Panagia-Faneromeni-halkidiki-500x500.jpg 500w\" sizes=\"(max-width: 1024px) 100vw, 1024px\" \/> <span class=\"raven-post-image-overlay\"><\/span><\/a>\t\t<\/div>\n\t\t\t\t\t\t<div class=\"raven-post-content\">\n\t\t\t\t\t<h3 class=\"raven-post-title\"><a class=\"raven-post-title-link\" href=\"https:\/\/www.flegracollection.com\/fr\/monuments-et-eglises-de-halkidiki\/\">Monuments et \u00e9glises de Halkidiki<\/a><\/h3><div class=\"raven-post-excerpt\">\u00c0 Halkidiki, il y a des ruines d&rsquo;\u00e9glises pal\u00e9ochr\u00e9tiennes. Le christianisme a \u00e9t\u00e9 introduit pour la premi\u00e8re fois en 50 apr\u00e8s JC, lorsque l&rsquo;ap\u00f4tre Paul a travers\u00e9 Apollonie en allant<\/div>\t\t<div class=\"raven-post-read-more\">\n\t\t\t<a class=\"raven-post-button\" href=\"https:\/\/www.flegracollection.com\/fr\/monuments-et-eglises-de-halkidiki\/\"><span class=\"raven-post-button-text\">Voir plus<\/span><\/a>\n\t\t<\/div>\n\t\t\t\t\t\t<\/div>\n\t\t\t<\/div>\n\t\t<\/div>\n\t\t\t\t<div class=\"raven-grid-item raven-post-item post-7795 post type-post status-publish format-standard has-post-thumbnail hentry category-histoire-et-culture-de-halkidiki\">\n\t\t\t<div class=\"raven-post elementor-animation-shrink\">\n\t\t\t\t\t\t<div class=\"raven-post-image-wrap\">\n\t\t\t<a class=\"raven-post-image raven-image-fit\" href=\"https:\/\/www.flegracollection.com\/fr\/ancienne-stagire-lieu-de-naissance-daristote\/\"><img loading=\"lazy\" decoding=\"async\" width=\"1024\" height=\"1024\" src=\"https:\/\/www.flegracollection.com\/wp-content\/uploads\/2019\/08\/ancient-stagira-halkidiki-1024x1024.jpg\" class=\"attachment-large size-large wp-image-7803\" alt=\"\" srcset=\"https:\/\/www.flegracollection.com\/wp-content\/uploads\/2019\/08\/ancient-stagira-halkidiki-1024x1024.jpg 1024w, https:\/\/www.flegracollection.com\/wp-content\/uploads\/2019\/08\/ancient-stagira-halkidiki-300x300.jpg 300w, https:\/\/www.flegracollection.com\/wp-content\/uploads\/2019\/08\/ancient-stagira-halkidiki-1536x1536.jpg 1536w, https:\/\/www.flegracollection.com\/wp-content\/uploads\/2019\/08\/ancient-stagira-halkidiki-2048x2048.jpg 2048w, https:\/\/www.flegracollection.com\/wp-content\/uploads\/2019\/08\/ancient-stagira-halkidiki-500x500.jpg 500w\" sizes=\"(max-width: 1024px) 100vw, 1024px\" \/> <span class=\"raven-post-image-overlay\"><\/span><\/a>\t\t<\/div>\n\t\t\t\t\t\t<div class=\"raven-post-content\">\n\t\t\t\t\t<h3 class=\"raven-post-title\"><a class=\"raven-post-title-link\" href=\"https:\/\/www.flegracollection.com\/fr\/ancienne-stagire-lieu-de-naissance-daristote\/\">Ancienne Stagire, lieu de naissance d&rsquo;Aristote<\/a><\/h3><div class=\"raven-post-excerpt\">L&rsquo;ancienne Stagira dans le nord de Halkidiki est c\u00e9l\u00e8bre pour \u00eatre le lieu de naissance du grand philosophe grec, Aristote. Le village de Stagira a \u00e9t\u00e9 construit pr\u00e8s du site<\/div>\t\t<div class=\"raven-post-read-more\">\n\t\t\t<a class=\"raven-post-button\" href=\"https:\/\/www.flegracollection.com\/fr\/ancienne-stagire-lieu-de-naissance-daristote\/\"><span class=\"raven-post-button-text\">Voir plus<\/span><\/a>\n\t\t<\/div>\n\t\t\t\t\t\t<\/div>\n\t\t\t<\/div>\n\t\t<\/div>\n\t\t\t\t<div class=\"raven-grid-item raven-post-item post-7816 post type-post status-publish format-standard has-post-thumbnail hentry category-histoire-et-culture-de-halkidiki\">\n\t\t\t<div class=\"raven-post elementor-animation-shrink\">\n\t\t\t\t\t\t<div class=\"raven-post-image-wrap\">\n\t\t\t<a class=\"raven-post-image raven-image-fit\" href=\"https:\/\/www.flegracollection.com\/fr\/pella-la-capitale-du-royaume-de-macedoine\/\"><img loading=\"lazy\" decoding=\"async\" width=\"1024\" height=\"1024\" src=\"https:\/\/www.flegracollection.com\/wp-content\/uploads\/2019\/08\/pella-greece-maacedonia-1024x1024.jpg\" class=\"attachment-large size-large wp-image-7826\" alt=\"\" srcset=\"https:\/\/www.flegracollection.com\/wp-content\/uploads\/2019\/08\/pella-greece-maacedonia-1024x1024.jpg 1024w, https:\/\/www.flegracollection.com\/wp-content\/uploads\/2019\/08\/pella-greece-maacedonia-300x300.jpg 300w, https:\/\/www.flegracollection.com\/wp-content\/uploads\/2019\/08\/pella-greece-maacedonia-1536x1536.jpg 1536w, https:\/\/www.flegracollection.com\/wp-content\/uploads\/2019\/08\/pella-greece-maacedonia-2048x2048.jpg 2048w, https:\/\/www.flegracollection.com\/wp-content\/uploads\/2019\/08\/pella-greece-maacedonia-500x500.jpg 500w\" sizes=\"(max-width: 1024px) 100vw, 1024px\" \/> <span class=\"raven-post-image-overlay\"><\/span><\/a>\t\t<\/div>\n\t\t\t\t\t\t<div class=\"raven-post-content\">\n\t\t\t\t\t<h3 class=\"raven-post-title\"><a class=\"raven-post-title-link\" href=\"https:\/\/www.flegracollection.com\/fr\/pella-la-capitale-du-royaume-de-macedoine\/\">Pella, la capitale du royaume de Mac\u00e9doine<\/a><\/h3><div class=\"raven-post-excerpt\">Pella est surtout connue comme l&rsquo;ancienne et riche capitale du royaume de Mac\u00e9doine au temps d&rsquo;Alexandre le Grand et est situ\u00e9e pr\u00e8s de Thessalonique. L\u00e0, vous pouvez voir des expositions<\/div>\t\t<div class=\"raven-post-read-more\">\n\t\t\t<a class=\"raven-post-button\" href=\"https:\/\/www.flegracollection.com\/fr\/pella-la-capitale-du-royaume-de-macedoine\/\"><span class=\"raven-post-button-text\">Voir plus<\/span><\/a>\n\t\t<\/div>\n\t\t\t\t\t\t<\/div>\n\t\t\t<\/div>\n\t\t<\/div>\n\t\t\t\t<div class=\"raven-grid-item raven-post-item post-7805 post type-post status-publish format-standard has-post-thumbnail hentry category-histoire-et-culture-de-halkidiki\">\n\t\t\t<div class=\"raven-post elementor-animation-shrink\">\n\t\t\t\t\t\t<div class=\"raven-post-image-wrap\">\n\t\t\t<a class=\"raven-post-image raven-image-fit\" href=\"https:\/\/www.flegracollection.com\/fr\/thessalonique-la-capitale-de-la-macedoine\/\"><img loading=\"lazy\" decoding=\"async\" width=\"1024\" height=\"1024\" src=\"https:\/\/www.flegracollection.com\/wp-content\/uploads\/2019\/08\/thessaloniki-white-tower-1024x1024.jpg\" class=\"attachment-large size-large wp-image-7814\" alt=\"\" srcset=\"https:\/\/www.flegracollection.com\/wp-content\/uploads\/2019\/08\/thessaloniki-white-tower-1024x1024.jpg 1024w, https:\/\/www.flegracollection.com\/wp-content\/uploads\/2019\/08\/thessaloniki-white-tower-300x300.jpg 300w, https:\/\/www.flegracollection.com\/wp-content\/uploads\/2019\/08\/thessaloniki-white-tower-1536x1536.jpg 1536w, https:\/\/www.flegracollection.com\/wp-content\/uploads\/2019\/08\/thessaloniki-white-tower-2048x2048.jpg 2048w, https:\/\/www.flegracollection.com\/wp-content\/uploads\/2019\/08\/thessaloniki-white-tower-500x500.jpg 500w\" sizes=\"(max-width: 1024px) 100vw, 1024px\" \/> <span class=\"raven-post-image-overlay\"><\/span><\/a>\t\t<\/div>\n\t\t\t\t\t\t<div class=\"raven-post-content\">\n\t\t\t\t\t<h3 class=\"raven-post-title\"><a class=\"raven-post-title-link\" href=\"https:\/\/www.flegracollection.com\/fr\/thessalonique-la-capitale-de-la-macedoine\/\">Thessalonique, la capitale de la Mac\u00e9doine<\/a><\/h3><div class=\"raven-post-excerpt\">Thessalonique est la deuxi\u00e8me plus grande ville de Gr\u00e8ce et la capitale de la Mac\u00e9doine, situ\u00e9e \u00e0 seulement 100 km de notre h\u00f4tel Flegra Palace. Thessalonique est le deuxi\u00e8me grand<\/div>\t\t<div class=\"raven-post-read-more\">\n\t\t\t<a class=\"raven-post-button\" href=\"https:\/\/www.flegracollection.com\/fr\/thessalonique-la-capitale-de-la-macedoine\/\"><span class=\"raven-post-button-text\">Voir plus<\/span><\/a>\n\t\t<\/div>\n\t\t\t\t\t\t<\/div>\n\t\t\t<\/div>\n\t\t<\/div>\n\t\t\t\t<\/div>\n\t\t\t\t\t\t<\/div>\n\t\t\t\t<\/div>\n\t\t\t\t\t<\/div>\n\t\t<\/div>\n\t\t\t\t\t<\/div>\n\t\t<\/section>\n\t\t\t\t<\/div>\n\t\t","protected":false},"excerpt":{"rendered":"<p>Halkidiki est une terre situ\u00e9e dans la partie nord de la Gr\u00e8ce et a jou\u00e9 son propre r\u00f4le vital dans l&rsquo;histoire de tout le pays. En 348 avant JC, Halkidiki est devenu une partie du royaume mac\u00e9donien, sous le contr\u00f4le de Philip. Apr\u00e8s la fin des guerres entre les Mac\u00e9doniens et les Romains, la r\u00e9gion [&hellip;]<\/p>\n","protected":false},"author":2,"featured_media":0,"parent":8815,"menu_order":0,"comment_status":"closed","ping_status":"closed","template":"","meta":{"_acf_changed":false,"footnotes":""},"class_list":["post-8826","page","type-page","status-publish","hentry"],"acf":[],"yoast_head":"<!-- This site is optimized with the Yoast SEO plugin v27.4 - https:\/\/yoast.com\/product\/yoast-seo-wordpress\/ -->\n<title>Histoire et culture de la r\u00e9gion - Flegra Collection Hotels<\/title>\n<meta name=\"robots\" content=\"index, follow, max-snippet:-1, max-image-preview:large, max-video-preview:-1\" \/>\n<link rel=\"canonical\" href=\"https:\/\/www.flegracollection.com\/fr\/bon-a-savoir\/histoire-et-culture-de-la-region\/\" \/>\n<meta property=\"og:locale\" content=\"fr_FR\" \/>\n<meta property=\"og:type\" content=\"article\" \/>\n<meta property=\"og:title\" content=\"Histoire et culture de la r\u00e9gion - Flegra Collection Hotels\" \/>\n<meta property=\"og:description\" content=\"Halkidiki est une terre situ\u00e9e dans la partie nord de la Gr\u00e8ce et a jou\u00e9 son propre r\u00f4le vital dans l&rsquo;histoire de tout le pays. En 348 avant JC, Halkidiki est devenu une partie du royaume mac\u00e9donien, sous le contr\u00f4le de Philip. Apr\u00e8s la fin des guerres entre les Mac\u00e9doniens et les Romains, la r\u00e9gion [&hellip;]\" \/>\n<meta property=\"og:url\" content=\"https:\/\/www.flegracollection.com\/fr\/bon-a-savoir\/histoire-et-culture-de-la-region\/\" \/>\n<meta property=\"og:site_name\" content=\"Flegra Collection Hotels\" \/>\n<meta property=\"article:modified_time\" content=\"2020-03-28T21:08:51+00:00\" \/>\n<meta property=\"og:image\" content=\"https:\/\/www.flegracollection.com\/wp-content\/uploads\/2019\/08\/agios-gregorios-monastery-in-mount-athos-in-halkidiki-1-1024x683.jpg\" \/>\n<meta name=\"twitter:card\" content=\"summary_large_image\" \/>\n<meta name=\"twitter:label1\" content=\"Dur\u00e9e de lecture estim\u00e9e\" \/>\n\t<meta name=\"twitter:data1\" content=\"2 minutes\" \/>\n<script type=\"application\/ld+json\" class=\"yoast-schema-graph\">{\"@context\":\"https:\\\/\\\/schema.org\",\"@graph\":[{\"@type\":\"WebPage\",\"@id\":\"https:\\\/\\\/www.flegracollection.com\\\/fr\\\/bon-a-savoir\\\/histoire-et-culture-de-la-region\\\/\",\"url\":\"https:\\\/\\\/www.flegracollection.com\\\/fr\\\/bon-a-savoir\\\/histoire-et-culture-de-la-region\\\/\",\"name\":\"Histoire et culture de la r\u00e9gion - Flegra Collection Hotels\",\"isPartOf\":{\"@id\":\"https:\\\/\\\/www.flegracollection.com\\\/#website\"},\"primaryImageOfPage\":{\"@id\":\"https:\\\/\\\/www.flegracollection.com\\\/fr\\\/bon-a-savoir\\\/histoire-et-culture-de-la-region\\\/#primaryimage\"},\"image\":{\"@id\":\"https:\\\/\\\/www.flegracollection.com\\\/fr\\\/bon-a-savoir\\\/histoire-et-culture-de-la-region\\\/#primaryimage\"},\"thumbnailUrl\":\"https:\\\/\\\/www.flegracollection.com\\\/wp-content\\\/uploads\\\/2019\\\/08\\\/agios-gregorios-monastery-in-mount-athos-in-halkidiki-1-1024x683.jpg\",\"datePublished\":\"2020-02-29T23:03:48+00:00\",\"dateModified\":\"2020-03-28T21:08:51+00:00\",\"breadcrumb\":{\"@id\":\"https:\\\/\\\/www.flegracollection.com\\\/fr\\\/bon-a-savoir\\\/histoire-et-culture-de-la-region\\\/#breadcrumb\"},\"inLanguage\":\"fr-FR\",\"potentialAction\":[{\"@type\":\"ReadAction\",\"target\":[\"https:\\\/\\\/www.flegracollection.com\\\/fr\\\/bon-a-savoir\\\/histoire-et-culture-de-la-region\\\/\"]}]},{\"@type\":\"ImageObject\",\"inLanguage\":\"fr-FR\",\"@id\":\"https:\\\/\\\/www.flegracollection.com\\\/fr\\\/bon-a-savoir\\\/histoire-et-culture-de-la-region\\\/#primaryimage\",\"url\":\"https:\\\/\\\/www.flegracollection.com\\\/wp-content\\\/uploads\\\/2019\\\/08\\\/agios-gregorios-monastery-in-mount-athos-in-halkidiki-1-1024x683.jpg\",\"contentUrl\":\"https:\\\/\\\/www.flegracollection.com\\\/wp-content\\\/uploads\\\/2019\\\/08\\\/agios-gregorios-monastery-in-mount-athos-in-halkidiki-1-1024x683.jpg\"},{\"@type\":\"BreadcrumbList\",\"@id\":\"https:\\\/\\\/www.flegracollection.com\\\/fr\\\/bon-a-savoir\\\/histoire-et-culture-de-la-region\\\/#breadcrumb\",\"itemListElement\":[{\"@type\":\"ListItem\",\"position\":1,\"name\":\"Home\",\"item\":\"https:\\\/\\\/www.flegracollection.com\\\/\"},{\"@type\":\"ListItem\",\"position\":2,\"name\":\"Bon \u00e0 savoir\",\"item\":\"https:\\\/\\\/www.flegracollection.com\\\/fr\\\/bon-a-savoir\\\/\"},{\"@type\":\"ListItem\",\"position\":3,\"name\":\"Histoire et culture de la r\u00e9gion\"}]},{\"@type\":\"WebSite\",\"@id\":\"https:\\\/\\\/www.flegracollection.com\\\/#website\",\"url\":\"https:\\\/\\\/www.flegracollection.com\\\/\",\"name\":\"Flegra Collection Hotels\",\"description\":\"35 Years of Hospitality Hotels in Halkidiki\",\"potentialAction\":[{\"@type\":\"SearchAction\",\"target\":{\"@type\":\"EntryPoint\",\"urlTemplate\":\"https:\\\/\\\/www.flegracollection.com\\\/?s={search_term_string}\"},\"query-input\":{\"@type\":\"PropertyValueSpecification\",\"valueRequired\":true,\"valueName\":\"search_term_string\"}}],\"inLanguage\":\"fr-FR\"}]}<\/script>\n<!-- \/ Yoast SEO plugin. -->","yoast_head_json":{"title":"Histoire et culture de la r\u00e9gion - Flegra Collection Hotels","robots":{"index":"index","follow":"follow","max-snippet":"max-snippet:-1","max-image-preview":"max-image-preview:large","max-video-preview":"max-video-preview:-1"},"canonical":"https:\/\/www.flegracollection.com\/fr\/bon-a-savoir\/histoire-et-culture-de-la-region\/","og_locale":"fr_FR","og_type":"article","og_title":"Histoire et culture de la r\u00e9gion - Flegra Collection Hotels","og_description":"Halkidiki est une terre situ\u00e9e dans la partie nord de la Gr\u00e8ce et a jou\u00e9 son propre r\u00f4le vital dans l&rsquo;histoire de tout le pays. En 348 avant JC, Halkidiki est devenu une partie du royaume mac\u00e9donien, sous le contr\u00f4le de Philip. Apr\u00e8s la fin des guerres entre les Mac\u00e9doniens et les Romains, la r\u00e9gion [&hellip;]","og_url":"https:\/\/www.flegracollection.com\/fr\/bon-a-savoir\/histoire-et-culture-de-la-region\/","og_site_name":"Flegra Collection Hotels","article_modified_time":"2020-03-28T21:08:51+00:00","og_image":[{"url":"https:\/\/www.flegracollection.com\/wp-content\/uploads\/2019\/08\/agios-gregorios-monastery-in-mount-athos-in-halkidiki-1-1024x683.jpg","type":"","width":"","height":""}],"twitter_card":"summary_large_image","twitter_misc":{"Dur\u00e9e de lecture estim\u00e9e":"2 minutes"},"schema":{"@context":"https:\/\/schema.org","@graph":[{"@type":"WebPage","@id":"https:\/\/www.flegracollection.com\/fr\/bon-a-savoir\/histoire-et-culture-de-la-region\/","url":"https:\/\/www.flegracollection.com\/fr\/bon-a-savoir\/histoire-et-culture-de-la-region\/","name":"Histoire et culture de la r\u00e9gion - Flegra Collection Hotels","isPartOf":{"@id":"https:\/\/www.flegracollection.com\/#website"},"primaryImageOfPage":{"@id":"https:\/\/www.flegracollection.com\/fr\/bon-a-savoir\/histoire-et-culture-de-la-region\/#primaryimage"},"image":{"@id":"https:\/\/www.flegracollection.com\/fr\/bon-a-savoir\/histoire-et-culture-de-la-region\/#primaryimage"},"thumbnailUrl":"https:\/\/www.flegracollection.com\/wp-content\/uploads\/2019\/08\/agios-gregorios-monastery-in-mount-athos-in-halkidiki-1-1024x683.jpg","datePublished":"2020-02-29T23:03:48+00:00","dateModified":"2020-03-28T21:08:51+00:00","breadcrumb":{"@id":"https:\/\/www.flegracollection.com\/fr\/bon-a-savoir\/histoire-et-culture-de-la-region\/#breadcrumb"},"inLanguage":"fr-FR","potentialAction":[{"@type":"ReadAction","target":["https:\/\/www.flegracollection.com\/fr\/bon-a-savoir\/histoire-et-culture-de-la-region\/"]}]},{"@type":"ImageObject","inLanguage":"fr-FR","@id":"https:\/\/www.flegracollection.com\/fr\/bon-a-savoir\/histoire-et-culture-de-la-region\/#primaryimage","url":"https:\/\/www.flegracollection.com\/wp-content\/uploads\/2019\/08\/agios-gregorios-monastery-in-mount-athos-in-halkidiki-1-1024x683.jpg","contentUrl":"https:\/\/www.flegracollection.com\/wp-content\/uploads\/2019\/08\/agios-gregorios-monastery-in-mount-athos-in-halkidiki-1-1024x683.jpg"},{"@type":"BreadcrumbList","@id":"https:\/\/www.flegracollection.com\/fr\/bon-a-savoir\/histoire-et-culture-de-la-region\/#breadcrumb","itemListElement":[{"@type":"ListItem","position":1,"name":"Home","item":"https:\/\/www.flegracollection.com\/"},{"@type":"ListItem","position":2,"name":"Bon \u00e0 savoir","item":"https:\/\/www.flegracollection.com\/fr\/bon-a-savoir\/"},{"@type":"ListItem","position":3,"name":"Histoire et culture de la r\u00e9gion"}]},{"@type":"WebSite","@id":"https:\/\/www.flegracollection.com\/#website","url":"https:\/\/www.flegracollection.com\/","name":"Flegra Collection Hotels","description":"35 Years of Hospitality Hotels in Halkidiki","potentialAction":[{"@type":"SearchAction","target":{"@type":"EntryPoint","urlTemplate":"https:\/\/www.flegracollection.com\/?s={search_term_string}"},"query-input":{"@type":"PropertyValueSpecification","valueRequired":true,"valueName":"search_term_string"}}],"inLanguage":"fr-FR"}]}},"_links":{"self":[{"href":"https:\/\/www.flegracollection.com\/fr\/wp-json\/wp\/v2\/pages\/8826","targetHints":{"allow":["GET"]}}],"collection":[{"href":"https:\/\/www.flegracollection.com\/fr\/wp-json\/wp\/v2\/pages"}],"about":[{"href":"https:\/\/www.flegracollection.com\/fr\/wp-json\/wp\/v2\/types\/page"}],"author":[{"embeddable":true,"href":"https:\/\/www.flegracollection.com\/fr\/wp-json\/wp\/v2\/users\/2"}],"replies":[{"embeddable":true,"href":"https:\/\/www.flegracollection.com\/fr\/wp-json\/wp\/v2\/comments?post=8826"}],"version-history":[{"count":0,"href":"https:\/\/www.flegracollection.com\/fr\/wp-json\/wp\/v2\/pages\/8826\/revisions"}],"up":[{"embeddable":true,"href":"https:\/\/www.flegracollection.com\/fr\/wp-json\/wp\/v2\/pages\/8815"}],"wp:attachment":[{"href":"https:\/\/www.flegracollection.com\/fr\/wp-json\/wp\/v2\/media?parent=8826"}],"curies":[{"name":"wp","href":"https:\/\/api.w.org\/{rel}","templated":true}]}}